{"id":751,"date":"2013-09-28T09:56:31","date_gmt":"2013-09-28T08:56:31","guid":{"rendered":"http:\/\/www.montessori-kriftel.de\/?page_id=751"},"modified":"2022-11-21T11:17:36","modified_gmt":"2022-11-21T10:17:36","slug":"krippe-0-3-jahre","status":"publish","type":"page","link":"https:\/\/www.montessori-kriftel.de\/?page_id=751","title":{"rendered":"Krippe (0-3 Jahre)"},"content":{"rendered":"<p><strong>Krippengruppe &#8222;Monte Pikolino&#8220;:<\/strong>\u00a0Am 19. August 2013 hat die Krippe Monte Pikolino ihren Betrieb in den R\u00e4umen\u00a0unterhalb des Alnatura-Marktes in der Kapellenstra\u00dfe\u00a050a\u00a0\u00a0aufgenommen. Die Gruppe ist\u00a0eng an das Kinderhaus angebunden\u00a0und das Kinderhaus wird im Idealfall den dort aus Altersgr\u00fcnden abgehenden Kindern nahtlos eine Anschlussbetreuung bieten.\u00a0Die Gruppe besteht aus 10 Kindern, ein Platz ist bei Bedarf f\u00fcr ein Integrationskind vorgesehen. Interessierte Eltern werden gebeten, sich in\u00a0der Krippe nach freien Pl\u00e4tzen zu erkundigen.<\/p>\n<p>Die Tr\u00e4gerschaft der Krippe wurde zum 01.09.2022 auf kinder(t)r\u00e4ume Kelkheim gGmbH \u00fcbertragen. Weitere Informationen bitte dort erfragen.<\/p>\n","protected":false},"excerpt":{"rendered":"<p>Krippengruppe &#8222;Monte Pikolino&#8220;:\u00a0Am 19. August 2013 hat die Krippe Monte Pikolino ihren Betrieb in den R\u00e4umen\u00a0unterhalb des Alnatura-Marktes in der Kapellenstra\u00dfe\u00a050a\u00a0\u00a0aufgenommen. Die Gruppe ist\u00a0eng an das Kinderhaus angebunden\u00a0und das Kinderhaus wird im Idealfall den dort aus Altersgr\u00fcnden abgehenden Kindern nahtlos &hellip; <a href=\"https:\/\/www.montessori-kriftel.de\/?page_id=751\">Weiterlesen <span class=\"meta-nav\">&rarr;<\/span><\/a><\/p>\n","protected":false},"author":1,"featured_media":1916,"parent":0,"menu_order":0,"comment_status":"closed","ping_status":"closed","template":"","meta":{"footnotes":""},"class_list":["post-751","page","type-page","status-publish","has-post-thumbnail","hentry"],"_links":{"self":[{"href":"https:\/\/www.montessori-kriftel.de\/index.php?rest_route=\/wp\/v2\/pages\/751","targetHints":{"allow":["GET"]}}],"collection":[{"href":"https:\/\/www.montessori-kriftel.de\/index.php?rest_route=\/wp\/v2\/pages"}],"about":[{"href":"https:\/\/www.montessori-kriftel.de\/index.php?rest_route=\/wp\/v2\/types\/page"}],"author":[{"embeddable":true,"href":"https:\/\/www.montessori-kriftel.de\/index.php?rest_route=\/wp\/v2\/users\/1"}],"replies":[{"embeddable":true,"href":"https:\/\/www.montessori-kriftel.de\/index.php?rest_route=%2Fwp%2Fv2%2Fcomments&post=751"}],"version-history":[{"count":12,"href":"https:\/\/www.montessori-kriftel.de\/index.php?rest_route=\/wp\/v2\/pages\/751\/revisions"}],"predecessor-version":[{"id":2751,"href":"https:\/\/www.montessori-kriftel.de\/index.php?rest_route=\/wp\/v2\/pages\/751\/revisions\/2751"}],"wp:featuredmedia":[{"embeddable":true,"href":"https:\/\/www.montessori-kriftel.de\/index.php?rest_route=\/wp\/v2\/media\/1916"}],"wp:attachment":[{"href":"https:\/\/www.montessori-kriftel.de\/index.php?rest_route=%2Fwp%2Fv2%2Fmedia&parent=751"}],"curies":[{"name":"wp","href":"https:\/\/api.w.org\/{rel}","templated":true}]}}